
{"id":637,"date":"2022-11-28T18:06:48","date_gmt":"2022-11-28T17:06:48","guid":{"rendered":"https:\/\/becker-bau.lu\/?page_id=637"},"modified":"2023-01-16T13:29:06","modified_gmt":"2023-01-16T12:29:06","slug":"galerie_anniversaire35ans","status":"publish","type":"page","link":"https:\/\/becker-bau.lu\/de\/galerie_anniversaire35ans\/","title":{"rendered":"galerie_anniversaire35ans"},"content":{"rendered":"<h1>\n\t\tGallerie zum 35. Jubil\u00e4um\n\t<\/h1>\n\t\t\t\t<a href=\"#\" target=\"_self\" itemprop=\"url\" rel=\"noopener\">\n\t\t\t\t<img loading=\"lazy\" decoding=\"async\" src=\"https:\/\/becker-bau.lu\/wp-content\/uploads\/2022\/11\/2021_AJV_1024.jpg\" alt=\"2021_AJV_1024\" itemprop=\"image\" height=\"768\" width=\"1024\" title=\"2021_AJV_1024\" onerror=\"this.style.display='none'\"  \/>\n\t\t\t\t<\/a>\n\t\t<h4><a href=\"#\" target=\"_self\" rel=\"noopener\">2021: TRANSFORMATION D&rsquo;UN ANCIEN CLOI\u0302TRE DES TRINITAIRES EN AUBERGE DE JEUNESSE.<\/a><\/h4>\t\t\n\t\t\t<p>Aktueller Stand: in Baustelle<\/p>\n<p>Mai\u0302tre de l&rsquo;ouvrage : Ministe\u0300re des Transports et des Travaux Publics \/ Administration des Ba\u0302timents Publics<\/p>\n<p>Voraussichtliche Ero\u0308ffnung: 2023<\/p>\n<p>Mission d&rsquo;architecte : mission globale<\/p>\n\t\t\t\t<a href=\"#\" target=\"_self\" itemprop=\"url\" rel=\"noopener\">\n\t\t\t\t<img loading=\"lazy\" decoding=\"async\" src=\"https:\/\/becker-bau.lu\/wp-content\/uploads\/2022\/11\/2020_CHABO_1024.jpg\" alt=\"2020_CHABO_1024\" itemprop=\"image\" height=\"768\" width=\"1024\" title=\"2020_CHABO_1024\" onerror=\"this.style.display='none'\"  \/>\n\t\t\t\t<\/a>\n\t\t<h4><a href=\"#\" target=\"_self\" rel=\"noopener\">2020: RE\u0301AME\u0301NAGEMENT ET CONSTRUCTION D&rsquo;UNE ANNEXE AU CHA\u0302TEAU DE BOURSCHEID. RE\u0301NOVATION DE LA MAISON DE STOLZEMBOURG .<\/a><\/h4>\t\t\n\t\t\t<p>Aktueller Stand: Einweihung 2019<\/p>\n<p>Mai\u0302tre de l&rsquo;ouvrage: Ministe\u0300re de la Culture &#8211; Service des Sites et Monuments (aujourd&rsquo;hui INPA)<\/p>\n<p>Mission d&rsquo;architecte : mission globale<\/p>\n<p>Auszeichnungen: BAUHA\u0308REPRA\u0308IS 2020: Erwa\u0308hnung<\/p>\n<p>Besondere technische Einrichtungen: Erdwa\u0308rme<\/p>\n\t\t\t\t<a href=\"#\" target=\"_self\" itemprop=\"url\" rel=\"noopener\">\n\t\t\t\t<img loading=\"lazy\" decoding=\"async\" src=\"https:\/\/becker-bau.lu\/wp-content\/uploads\/2022\/11\/2019_MANS_1024.jpg\" alt=\"2019_MANS_1024\" itemprop=\"image\" height=\"768\" width=\"1024\" title=\"2019_MANS_1024\" onerror=\"this.style.display='none'\"  \/>\n\t\t\t\t<\/a>\n\t\t<h4><a href=\"#\" target=\"_self\" rel=\"noopener\">2019: ANIMATION VIRTUELLE POUR L&rsquo;ANNEE MONDIALE DU PATRIMOINE, PRESENTEE DANS L&rsquo;EXPOSITION \u00ab\u00a0MANSFELD\u00a0\u00bb AUX ARCHIVES DE L&rsquo;ETAT A PARTIR DU MOIS D&rsquo;OCTOBRE 2018<\/a><\/h4>\t\t\n\t\t\t<p>Etat actuel :\u00a0\u00a0Inauguration de l&rsquo;animation virtuelle lors d&rsquo;une exposition aux Archives de l&rsquo;\u00e9tat en janvier 2019 sur le th\u00e8me du Ch\u00e2teau de Mansfeld.<\/p>\n<p>Ma\u00eetre de l&rsquo;ouvrage\u00a0: Amis du Ch\u00e2teau de Mansfeld asbl<\/p>\n<p>Mission d&rsquo;architecte\u00a0: coordination g\u00e9n\u00e9rale, recherches sur place, dessins 3D sur CAD<\/p>\n<p>Copyright\u00a0Illustrationen und Film\u00a0: Amis du Ch\u00e2teau de Mansfeld asbl, BECKER Architecture &amp; Urbanisme s\u00e0rl, BAI Lheureux Li\u00e8ge<\/p>\n\t\t\t\t<a href=\"#\" target=\"_self\" itemprop=\"url\" rel=\"noopener\">\n\t\t\t\t<img loading=\"lazy\" decoding=\"async\" src=\"https:\/\/becker-bau.lu\/wp-content\/uploads\/2022\/11\/2018_TANN__1024.jpg\" alt=\"2018_TANN__1024\" itemprop=\"image\" height=\"768\" width=\"1024\" title=\"2018_TANN__1024\" onerror=\"this.style.display='none'\"  \/>\n\t\t\t\t<\/a>\n\t\t<h4><a href=\"#\" target=\"_self\" rel=\"noopener\">2018: TRANSFORMATION ET REMISE EN \u00c9TAT D&rsquo;UNE MAISON COMMUNALE AU PFAFFENTHAL POUR LES BESOINS DU SERVICE DES PARCS DE LA VILLE DE LUXEMBOURG<\/a><\/h4>\t\t\n\t\t\t<p>Aktueller Stand: Fertigstellung 2018<\/p>\n<p>Ma\u00eetre de l&rsquo;ouvrage\u00a0: Ville de Luxembourg<\/p>\n<p>Mission d&rsquo;architecte\u00a0: mission globale<\/p>\n<p>Spezielle Technische Einrichtungen: N.N.<\/p>\n<p>Foto\u00a0: R. Becker<\/p>\n\t\t\t\t<a href=\"#\" target=\"_self\" itemprop=\"url\" rel=\"noopener\">\n\t\t\t\t<img loading=\"lazy\" decoding=\"async\" src=\"https:\/\/becker-bau.lu\/wp-content\/uploads\/2022\/11\/2017_JMOT_1024.jpg\" alt=\"2017_JMOT_1024\" itemprop=\"image\" height=\"768\" width=\"1024\" title=\"2017_JMOT_1024\" onerror=\"this.style.display='none'\"  \/>\n\t\t\t\t<\/a>\n\t\t<h4><a href=\"#\" target=\"_self\" rel=\"noopener\">2017: Geb\u00e4ude Jean Monet transitoire. Modulare und provisorische Konstruktion am Kirchberg f\u00fcr die Nutzung durch die \"Commission Europ\u00e9enne\"<\/a><\/h4>\t\t\n\t\t\t<p>Aktueller Stand: Fertigstellung 2017<\/p>\n<p>Ma\u00eetre de l&rsquo;ouvrage\u00a0: Fonds du Kirchberg<\/p>\n<p>Mission d&rsquo;architecte\u00a0: mission partielle<\/p>\n<p>Spezielle Technische Einrichtungen: demontierbare modulare Konstruktion<\/p>\n<p>&nbsp;<\/p>\n\t\t\t\t<a href=\"#\" target=\"_self\" itemprop=\"url\" rel=\"noopener\">\n\t\t\t\t<img loading=\"lazy\" decoding=\"async\" src=\"https:\/\/becker-bau.lu\/wp-content\/uploads\/2022\/11\/2016_CCRN_1024.jpg\" alt=\"2016_CCRN_1024\" itemprop=\"image\" height=\"768\" width=\"1024\" title=\"2016_CCRN_1024\" onerror=\"this.style.display='none'\"  \/>\n\t\t\t\t<\/a>\n\t\t<h4><a href=\"#\" target=\"_self\" rel=\"noopener\">2016: STADTGRUND, SITE DU CENTRE CULTUREL NEIM\u00cbMSTER : CONSTRUCTION D&rsquo;UN ESCALIER PUBLIC ENTRE LA PLACE NEIM\u00cbNSTER ET LE PONT SUR L&rsquo;ALZETTE<\/a><\/h4>\t\t\n\t\t\t<p>Aktueller Stand: Fertigstellung 2017<\/p>\n<p>Ma\u00eetre de l&rsquo;ouvrage : Ministr\u00e8re des Transports et des Travaux Publics \/ Administration des B\u00e2timents Publics<\/p>\n<p>Mission d&rsquo;architecte\u00a0: mission globale<\/p>\n<p>Spezielle Technische Einrichtungen: N.N.<\/p>\n\t\t\t\t<a href=\"#\" target=\"_self\" itemprop=\"url\" rel=\"noopener\">\n\t\t\t\t<img loading=\"lazy\" decoding=\"async\" src=\"https:\/\/becker-bau.lu\/wp-content\/uploads\/2022\/11\/2015_STGEO_1024.jpg\" alt=\"2015_STGEO_1024\" itemprop=\"image\" height=\"768\" width=\"1024\" title=\"2015_STGEO_1024\" onerror=\"this.style.display='none'\"  \/>\n\t\t\t\t<\/a>\n\t\t<h4><a href=\"#\" target=\"_self\" rel=\"noopener\">2015: ST GEORGE&rsquo;S INTERNATIONAL SCHOOL \u00c0 HAMM: CONSTRUCTION D&rsquo;UN B\u00c2TIMENT SCOLAIRE DE LIAISON INCLUANT UNE BIBLIOTH\u00c8QUE ET UN AMPHITH\u00c9\u00c2TRE<\/a><\/h4>\t\t\n\t\t\t<p>Aktueller Stand: Fertigstellung 2016<\/p>\n<p>Ma\u00eetre de l&rsquo;ouvrage\u00a0:\u00a0St George&rsquo;s International School<\/p>\n<p>Mission d&rsquo;architecte\u00a0: mission globale<\/p>\n<p>Installations techniques sp\u00e9ciales : construction en bois pour le rez-de-chauss\u00e9e et les \u00e9tages ; tribunes de l&rsquo;amphith\u00e9\u00e2tre enti\u00e8rement escamotables pour cr\u00e9er une surface libre.<\/p>\n\t\t\t\t<a href=\"#\" target=\"_self\" itemprop=\"url\" rel=\"noopener\">\n\t\t\t\t<img loading=\"lazy\" decoding=\"async\" src=\"https:\/\/becker-bau.lu\/wp-content\/uploads\/2022\/11\/2014_MURPO__1024.jpg\" alt=\"2014_MURPO__1024\" itemprop=\"image\" height=\"768\" width=\"1024\" title=\"2014_MURPO__1024\" onerror=\"this.style.display='none'\"  \/>\n\t\t\t\t<\/a>\n\t\t<h4><a href=\"#\" target=\"_self\" rel=\"noopener\">2014: CONSTRUCTION D&rsquo;UNE MAISON UNIFAMILIALE LIBRE DE TROIS C\u00d4T\u00c9S \u00c0 STRASSEN, LUXEMBOURG.<\/a><\/h4>\t\t\n\t\t\t<p>Aktueller Stand: Fertigstellung 2014<\/p>\n<p>Ma\u00eetre de l&rsquo;ouvrage\u00a0: priv\u00e9<\/p>\n<p>Mission d&rsquo;architecte\u00a0: mission partielle<\/p>\n<p>Spezielle Technische Einrichtungen: N.N.<\/p>\n\t\t\t\t<a href=\"#\" target=\"_self\" itemprop=\"url\" rel=\"noopener\">\n\t\t\t\t<img loading=\"lazy\" decoding=\"async\" src=\"https:\/\/becker-bau.lu\/wp-content\/uploads\/2022\/11\/2013_TOUR-ESCALIER_1024.jpg\" alt=\"2013_TOUR ESCALIER_1024\" itemprop=\"image\" height=\"768\" width=\"1024\" title=\"2013_TOUR ESCALIER_1024\" onerror=\"this.style.display='none'\"  \/>\n\t\t\t\t<\/a>\n\t\t<h4><a href=\"#\" target=\"_self\" rel=\"noopener\">2013: LIAISON PI\u00c9TONNI\u00c8RE DU PFAFFENTHAL AU NIEDERGR\u00dcNEWALD DANS L&rsquo;INT\u00c9R\u00caT DU CIRCUIT CULTUREL ET DIDACTIQUE VAUBAN AU PFAFFENTHAL, LUXEMBOURG-VILLE.<\/a><\/h4>\t\t\n\t\t\t<p>Aktueller Stand: Einweihung 2013<\/p>\n<p>Ma\u00eetre de l&rsquo;ouvrage\u00a0: Minist\u00e8re de la Culture &#8211; Service des Sites et Monuments (aujourd&rsquo;hui INPA)<\/p>\n<p>Mission d&rsquo;architecte\u00a0: mission globale<\/p>\n<p>BAUH\u00c4REPR\u00c4IS 2013 : Laur\u00e9at cat\u00e9gorie \u00ab ouvrages d&rsquo;arts \/ infrastructures \/ espaces paysager \u00bb<\/p>\n<p>PRIX ACIER LUXEMBOURG 2014 : 1. Preis<\/p>\n<p>Foto\u00a0: Bohumil Kostorhyz<\/p>\n\t\t\t\t<a href=\"#\" target=\"_self\" itemprop=\"url\" rel=\"noopener\">\n\t\t\t\t<img loading=\"lazy\" decoding=\"async\" src=\"https:\/\/becker-bau.lu\/wp-content\/uploads\/2022\/11\/2012_MFT_1024.jpg\" alt=\"2012_MFT_1024\" itemprop=\"image\" height=\"768\" width=\"1024\" title=\"2012_MFT_1024\" onerror=\"this.style.display='none'\"  \/>\n\t\t\t\t<\/a>\n\t\t<h4><a href=\"#\" target=\"_self\" rel=\"noopener\">2012: MUS\u00c9E DR\u00c4I EECHELEN im fort Th\u00fcngen am Kirchberg, Luxemburg-Stadt<\/a><\/h4>\t\t\n\t\t\t<p>Aktueller Stand: Einweihung 13\/07\/2012<\/p>\n<p>Ma\u00eetre de l&rsquo;ouvrage: Minist\u00e8re de la Culture &#8211; Service des Sites et Monuments (aujourd&rsquo;hui INPA)<\/p>\n<p>Mission d&rsquo;architecte\u00a0: mission globale<\/p>\n<p>Foto: Sarah Reuland<\/p>\n\t\t\t\t<a href=\"#\" target=\"_self\" itemprop=\"url\" rel=\"noopener\">\n\t\t\t\t<img loading=\"lazy\" decoding=\"async\" src=\"https:\/\/becker-bau.lu\/wp-content\/uploads\/2022\/11\/2011_TRE2_1024.jpg\" alt=\"2011_TRE2_1024\" itemprop=\"image\" height=\"768\" width=\"1024\" title=\"2011_TRE2_1024\" onerror=\"this.style.display='none'\"  \/>\n\t\t\t\t<\/a>\n\t\t<h4><a href=\"#\" target=\"_self\" rel=\"noopener\">2011: CONSTRUCTION D&rsquo;UN PONT AU DROIT DES VESTIGES DE LA PORTE DE TR\u00c8VES DU 14E SI\u00c8CLE \/ RUE DE TR\u00c8VES, STADTGRUND, LUXEMBOURG-VILLE. <\/a><\/h4>\t\t\n\t\t\t<p>ETUDE POUR LA STABILISATION DU ROCHER EN-DESSOUS DU PONT ET MISE EN VALEUR DANS LE CADRE DE L&rsquo;ITIN\u00c9RAIRE WENZEL.<\/p>\n<p>Etat actuel\u00a0:\u00a0Pont en fonction depuis \u00a02011 \/ \u00e9tude en attente d&rsquo;ex\u00e9cution.<\/p>\n<p>Ma\u00eetre de l&rsquo;ouvrage: Minist\u00e8re de la Culture &#8211; Service des Sites et Monuments (aujourd&rsquo;hui INPA)<\/p>\n<p>Mission d&rsquo;architecte\u00a0: mission globale\u00a0; collaboration avec le Bureau d&rsquo;\u00e9tudes INCA Niederanven.<\/p>\n<p>Bildsynthese: BECKER A&amp;U et BAI Lheureux<\/p>\n\t\t\t\t<a href=\"#\" target=\"_self\" itemprop=\"url\" rel=\"noopener\">\n\t\t\t\t<img loading=\"lazy\" decoding=\"async\" src=\"https:\/\/becker-bau.lu\/wp-content\/uploads\/2022\/11\/2010_MRL_1024.jpg\" alt=\"2010_MRL_1024\" itemprop=\"image\" height=\"768\" width=\"1024\" title=\"2010_MRL_1024\" onerror=\"this.style.display='none'\"  \/>\n\t\t\t\t<\/a>\n\t\t<h4><a href=\"#\" target=\"_self\" rel=\"noopener\">2010: TRANSFORMATION ET NOUVELLE AFFECTATION EN MAISON RELAIS DE L&rsquo;ANCIENNE \u00c9COLE MATERNELLE RUE WILLMAR \/ LIMPERTSBERG, LUXEMBOURG-VILLE.<\/a><\/h4>\t\t\n\t\t\t<p>Aktueller Stand: Einweihung 2010<\/p>\n<p>Ma\u00eetre de l&rsquo;ouvrage : ville de luxembourg en collaboration avec Uni L\u00ebtzebuerg, inter-actions<\/p>\n<p>Mission d&rsquo;architecte\u00a0: mission globale<\/p>\n<p>Foto\u00a0: R. Becker<\/p>\n\t\t\t\t<a href=\"#\" target=\"_self\" itemprop=\"url\" rel=\"noopener\">\n\t\t\t\t<img loading=\"lazy\" decoding=\"async\" src=\"https:\/\/becker-bau.lu\/wp-content\/uploads\/2022\/11\/2009_PEB_1024.jpg\" alt=\"2009_PEB_1024\" itemprop=\"image\" height=\"768\" width=\"1024\" title=\"2009_PEB_1024\" onerror=\"this.style.display='none'\"  \/>\n\t\t\t\t<\/a>\n\t\t<h4><a href=\"#\" target=\"_self\" rel=\"noopener\">2009: ESCALIER ET NOUVELLE PASSERELLE ENTRE LA RUE DU MOULIN ET LA RUE DE L&rsquo;EGLISE \u00c0 HAUTCHARAGE.<\/a><\/h4>\t\t\n\t\t\t<p>Aktueller Stand: Einweihung 2009<\/p>\n<p>Ma\u00eetre de l&rsquo;ouvrage\u00a0: Commune de Bascharage<\/p>\n<p>Mission d&rsquo;architecte\u00a0: mission globale<\/p>\n<p>Spezielle Technische Einrichtungen: St\u00fctzmauer<\/p>\n<p>Foto\u00a0: R. Becker<\/p>\n\t\t\t\t<a href=\"#\" target=\"_self\" itemprop=\"url\" rel=\"noopener\">\n\t\t\t\t<img loading=\"lazy\" decoding=\"async\" src=\"https:\/\/becker-bau.lu\/wp-content\/uploads\/2022\/11\/2008_LAM_FORT-LAMBERT_1024.jpg\" alt=\"2008_LAM_FORT LAMBERT_1024\" itemprop=\"image\" height=\"768\" width=\"1024\" title=\"2008_LAM_FORT LAMBERT_1024\" onerror=\"this.style.display='none'\"  \/>\n\t\t\t\t<\/a>\n\t\t<h4><a href=\"#\" target=\"_self\" rel=\"noopener\">2008: RESTAURATION DU FORT LAMBERET AVEC MISE EN VALEUR DU FOSS\u00c9,  DANS LE CADRE DE LUXEMBOURG &#8211; CAPITALE EUROP\u00c9ENNE DE LA CULTURE 2007 \/ PARC CENTRE LUXEMBOURG-VILLE.<\/a><\/h4>\t\t\n\t\t\t<p>Ma\u00eetre de l&rsquo;ouvrage\u00a0: Ville de Luxembourg<\/p>\n<p>Mission d&rsquo;architecte\u00a0: mission globale<\/p>\n<p>Installations sp\u00e9ciales:\u00a0oeuvre d&rsquo;art dans foss\u00e9 cr\u00e9\u00e9e par l&rsquo;artiste Jean-Bernard M\u00e9tais<\/p>\n\t\t\t\t<a href=\"#\" target=\"_self\" itemprop=\"url\" rel=\"noopener\">\n\t\t\t\t<img loading=\"lazy\" decoding=\"async\" src=\"https:\/\/becker-bau.lu\/wp-content\/uploads\/2022\/11\/2007_PETITPASSAGE_LCTO_1024.jpg\" alt=\"2007_PETITPASSAGE_LCTO_1024\" itemprop=\"image\" height=\"768\" width=\"1024\" title=\"2007_PETITPASSAGE_LCTO_1024\" onerror=\"this.style.display='none'\"  \/>\n\t\t\t\t<\/a>\n\t\t<h4><a href=\"#\" target=\"_self\" rel=\"noopener\">2007: Renovierung des \"Petit Passage\" zwischen der \"Place Guillaume\" und der \"Rue de Chimay\" \/ Stadtzentrum Luxemburg<\/a><\/h4>\t\t\n\t\t\t<p>Aktueller Stand: Fertigstellung 2007<\/p>\n<p>Ma\u00eetre de l&rsquo;ouvrage : Ville de Luxembourg<\/p>\n<p>Mission d&rsquo;architecte : mission globale<\/p>\n<p>Spezielle Technische Einrichtungen: N.N.<\/p>\n<p>Foto\u00a0: R. Becker<\/p>\n\t\t\t\t<a href=\"#\" target=\"_self\" itemprop=\"url\" rel=\"noopener\">\n\t\t\t\t<img loading=\"lazy\" decoding=\"async\" src=\"https:\/\/becker-bau.lu\/wp-content\/uploads\/2022\/11\/2006_LCTO1_1024.jpg\" alt=\"2006_LCTO1_1024\" itemprop=\"image\" height=\"768\" width=\"1024\" title=\"2006_LCTO1_1024\" onerror=\"this.style.display='none'\"  \/>\n\t\t\t\t<\/a>\n\t\t<h4><a href=\"#\" target=\"_self\" rel=\"noopener\">2006: Am\u00e9nagement des nouveaux locaux du LCTO &#8211; Luxembourg City Tourist Office \/ Place Guillaume, Centre-ville de Luxembourg.<\/a><\/h4>\t\t\n\t\t\t<p>Etat actuel: inauguration en d\u00e9cembre 2006 \u00e0 l&rsquo;aube de \u00ab Luxembourg &#8211; Capitale Europ\u00e9enne de la Culture 2007 \u00bb \/ Centre Luxembourg-Ville.<\/p>\n<p>Ma\u00eetre de l&rsquo;ouvrage : Ville de Luxembourg<\/p>\n<p>Mission d&rsquo;architecte : mission globale<\/p>\n<p>Spezielle Technische Einrichtungen: N.N.<\/p>\n<p>Foto\u00a0: R. Becker<\/p>\n\t\t\t\t<a href=\"#\" target=\"_self\" itemprop=\"url\" rel=\"noopener\">\n\t\t\t\t<img loading=\"lazy\" decoding=\"async\" src=\"https:\/\/becker-bau.lu\/wp-content\/uploads\/2022\/11\/2005_P8240839_1024.jpg\" alt=\"2005_P8240839_1024\" itemprop=\"image\" height=\"768\" width=\"1024\" title=\"2005_P8240839_1024\" onerror=\"this.style.display='none'\"  \/>\n\t\t\t\t<\/a>\n\t\t<h4><a href=\"#\" target=\"_self\" rel=\"noopener\">2005: Construction d&rsquo;un immeuble r\u00e9sidentiel avec pharmacie et r\u00e9novation de quatre maisons unifamiliales, coin rue Principale \/ rue de Neuh\u00e4usgen \u00e0 Schuttrange.<\/a><\/h4>\t\t\n\t\t\t<p>Aktueller Stand: Fertigstellung 2005<\/p>\n<p>Ma\u00eetre de l&rsquo;ouvrage : Minist\u00e8re du Logement &#8211; Fonds du Logement \u00e0 co\u00fbt mod\u00e9r\u00e9.<\/p>\n<p>Mission d&rsquo;architecte : mission globale<\/p>\n<p>Installations techniques sp\u00e9ciales: parking souterrain rev\u00eatu de gazon \u00e0 l&rsquo;arri\u00e8re des b\u00e2timents.<\/p>\n\t\t\t\t<a href=\"#\" target=\"_self\" itemprop=\"url\" rel=\"noopener\">\n\t\t\t\t<img loading=\"lazy\" decoding=\"async\" src=\"https:\/\/becker-bau.lu\/wp-content\/uploads\/2022\/11\/2004_ECLM_1024.jpg\" alt=\"2004_ECLM_1024\" itemprop=\"image\" height=\"768\" width=\"1024\" title=\"2004_ECLM_1024\" onerror=\"this.style.display='none'\"  \/>\n\t\t\t\t<\/a>\n\t\t<h4><a href=\"#\" target=\"_self\" rel=\"noopener\">2004: Restauration et mise en valeur de l&rsquo;Ecluse du Grund avec construction d&rsquo;un avant-corps de contemporain au-dessus de l&rsquo;Alzette et am\u00e9nagement d&rsquo;une maquette de l&rsquo;\u00e9cluse historique.<\/a><\/h4>\t\t\n\t\t\t<p>Aktueller Stand: Einweihung 2004<\/p>\n<p>Ma\u00eetre de l&rsquo;ouvrage : Minist\u00e8re de la Culture &#8211; Service des Sites et Monuments (aujourd&rsquo;hui INPA)<\/p>\n<p>Mission d&rsquo;architecte : mission globale<\/p>\n<p>Spezielle Einrichtungen: Modell in Bronzeguss<\/p>\n\t\t\t\t<a href=\"#\" target=\"_self\" itemprop=\"url\" rel=\"noopener\">\n\t\t\t\t<img loading=\"lazy\" decoding=\"async\" src=\"https:\/\/becker-bau.lu\/wp-content\/uploads\/2022\/11\/2003_P8250871_1024.jpg\" alt=\"2003_P8250871_1024\" itemprop=\"image\" height=\"768\" width=\"1024\" title=\"2003_P8250871_1024\" onerror=\"this.style.display='none'\"  \/>\n\t\t\t\t<\/a>\n\t\t<h4><a href=\"#\" target=\"_self\" rel=\"noopener\">2003: Construction d&rsquo;un nouveau pavillon avec vestiaires et caf\u00e9t\u00e9ria pour le Football Club M\u00fcnsbach \u00e0 M\u00fcnsbach.<\/a><\/h4>\t\t\n\t\t\t<p>Aktueller Stand: Nutzung seit 2003<\/p>\n<p>Ma\u00eetre de l&rsquo;ouvrage : Commune de Schuttrange<\/p>\n<p>Mission d&rsquo;architecte : mission globale<\/p>\n<p>Spezielle Technische Einrichtungen: N.N.<\/p>\n<p>Foto : Gilles Becker<\/p>\n\t\t\t\t<a href=\"#\" target=\"_self\" itemprop=\"url\" rel=\"noopener\">\n\t\t\t\t<img loading=\"lazy\" decoding=\"async\" src=\"https:\/\/becker-bau.lu\/wp-content\/uploads\/2022\/11\/2002_P8240856_1024.jpg\" alt=\"2002_P8240856_1024\" itemprop=\"image\" height=\"768\" width=\"1024\" title=\"2002_P8240856_1024\" onerror=\"this.style.display='none'\"  \/>\n\t\t\t\t<\/a>\n\t\t<h4><a href=\"#\" target=\"_self\" rel=\"noopener\">2002: R\u00e9novation des fa\u00e7ades de l&rsquo;Eglise de Schuttrange \u00e0 Schuttrange.<\/a><\/h4>\t\t\n\t\t\t<p>Aktueller Stand: Fertigstellung 2002<\/p>\n<p>Ma\u00eetre de l&rsquo;ouvrage : Commune de Schuttrange en collaboration avec la Fabrique de l&rsquo;Eglise et le Service des Sites et Monuments nationaux (aujourd&rsquo;hui INPA).<\/p>\n<p>Mission d&rsquo;architecte : mission globale<\/p>\n<p>Spezielle Technische Einrichtungen: N.N.<\/p>\n<p>Foto : Gilles Becker<\/p>\n\t\t\t\t<a href=\"#\" target=\"_self\" itemprop=\"url\" rel=\"noopener\">\n\t\t\t\t<img loading=\"lazy\" decoding=\"async\" src=\"https:\/\/becker-bau.lu\/wp-content\/uploads\/2022\/11\/2001_VIA_1024.jpg\" alt=\"2001_VIA_1024\" itemprop=\"image\" height=\"768\" width=\"1024\" title=\"2001_VIA_1024\" onerror=\"this.style.display='none'\"  \/>\n\t\t\t\t<\/a>\n\t\t<h4><a href=\"#\" target=\"_self\" rel=\"noopener\">2001: Reconstruction de la tour m\u00e9di\u00e9vale \u00ab beim Huesbuer \u00bb \u00e0 Vianden et am\u00e9nagement de l&rsquo;itin\u00e9raire didactique et culturel \u00ab Intramuros &#8211; Extramuros \u00bb.<\/a><\/h4>\t\t\n\t\t\t<p>Aktueller Stand: Einweihung 2001<\/p>\n<p>Ma\u00eetre de l&rsquo;ouvrage : Minist\u00e8re de la Culture &#8211; Service des Sites et Monuments (aujourd&rsquo;hui INPA) en collaboration avec le Minist\u00e8re pour le D\u00e9veloppement Rural ; projet subventionn\u00e9 par l&rsquo;Union Europ\u00e9enne.<\/p>\n<p>Mission d&rsquo;architecte : mission globale<\/p>\n<p>Spezielle Einrichtungen: Modell in Bronzeguss<\/p>\n<p>Foto : Bikash Palikhey<\/p>\n\t\t\t\t<a href=\"#\" target=\"_self\" itemprop=\"url\" rel=\"noopener\">\n\t\t\t\t<img loading=\"lazy\" decoding=\"async\" src=\"https:\/\/becker-bau.lu\/wp-content\/uploads\/2022\/11\/2000_P8240859_1024.jpg\" alt=\"2000_P8240859_1024\" itemprop=\"image\" height=\"768\" width=\"1024\" title=\"2000_P8240859_1024\" onerror=\"this.style.display='none'\"  \/>\n\t\t\t\t<\/a>\n\t\t<h4><a href=\"#\" target=\"_self\" rel=\"noopener\">2000: R\u00e9novation d&rsquo;une maison des ann\u00e9es 1920 (\u00e0 gauche) et construction d&rsquo;un immeuble r\u00e9sidentiel adjacent \u00e0 droite, \u00e0 Schuttrange Luxembourg.<\/a><\/h4>\t\t\n\t\t\t<p>Aktueller Stand: Fertigstellung 2000<\/p>\n<p>Ma\u00eetre de l&rsquo;ouvrage : priv\u00e9<\/p>\n<p>Mission d&rsquo;architecte : mission partielle<\/p>\n<p>Spezielle Technische Einrichtungen: N.N.<\/p>\n<p>Foto : Gilles Becker<\/p>\n\t\t\t\t<a href=\"#\" target=\"_self\" itemprop=\"url\" rel=\"noopener\">\n\t\t\t\t<img loading=\"lazy\" decoding=\"async\" src=\"https:\/\/becker-bau.lu\/wp-content\/uploads\/2022\/11\/1999_P8240853_1024.jpg\" alt=\"1999_P8240853_1024\" itemprop=\"image\" height=\"768\" width=\"1024\" title=\"1999_P8240853_1024\" onerror=\"this.style.display='none'\"  \/>\n\t\t\t\t<\/a>\n\t\t<h4><a href=\"#\" target=\"_self\" rel=\"noopener\">1999: Construction du nouveau Tennisclubhouse du TCS &#8211; Tennis Club Schuttrange \u00e0 M\u00fcnsbach Luxembourg.<\/a><\/h4>\t\t\n\t\t\t<p>Aktueller Stand: Fertigstellung 1999<\/p>\n<p>Ma\u00eetre de l&rsquo;ouvrage : Commune de Schuttrange<\/p>\n<p>Mission d&rsquo;architecte : mission globale<\/p>\n<p>Spezielle Technische Einrichtungen: N.N.<\/p>\n<p>Foto : Gilles Becker<\/p>\n\t\t\t\t<a href=\"#\" target=\"_self\" itemprop=\"url\" rel=\"noopener\">\n\t\t\t\t<img loading=\"lazy\" decoding=\"async\" src=\"https:\/\/becker-bau.lu\/wp-content\/uploads\/2022\/11\/1998_URB_1024.jpg\" alt=\"1998_URB_1024\" itemprop=\"image\" height=\"768\" width=\"1024\" title=\"1998_URB_1024\" onerror=\"this.style.display='none'\"  \/>\n\t\t\t\t<\/a>\n\t\t<h4><a href=\"#\" target=\"_self\" rel=\"noopener\">1998: Construction d&rsquo;une villa libre de quatre c\u00f4t\u00e9s \u00e0 Helmsange, Luxembourg.<\/a><\/h4>\t\t\n\t\t\t<p>Aktueller Stand: Fertigstellung 1998<\/p>\n<p>Ma\u00eetre de l&rsquo;ouvrage : priv\u00e9<\/p>\n<p>Mission d&rsquo;architecte : mission partielle<\/p>\n<p>Spezielle Technische Einrichtungen: N.N.<\/p>\n<p>Foto\u00a0: R. Becker<\/p>\n\t\t\t\t<a href=\"#\" target=\"_self\" itemprop=\"url\" rel=\"noopener\">\n\t\t\t\t<img loading=\"lazy\" decoding=\"async\" src=\"https:\/\/becker-bau.lu\/wp-content\/uploads\/2022\/11\/1997_FLR_1024.jpg\" alt=\"1997_FLR_1024\" itemprop=\"image\" height=\"768\" width=\"1024\" title=\"1997_FLR_1024\" onerror=\"this.style.display='none'\"  \/>\n\t\t\t\t<\/a>\n\t\t<h4><a href=\"#\" target=\"_self\" rel=\"noopener\">1997: Construction d&rsquo;un immeuble r\u00e9sidentiel \u00e0 5 appartements, rue du Rham, Luxembourg-Grund.<\/a><\/h4>\t\t\n\t\t\t<p>Aktueller Stand: Fertigstellung 1997<\/p>\n<p>Ma\u00eetre de l&rsquo;ouvrage : Minist\u00e8re du Logement &#8211; Fonds du Logement \u00e0 co\u00fbt mod\u00e9r\u00e9<\/p>\n<p>Mission d&rsquo;architecte : mission globale<\/p>\n<p>Installations techniques sp\u00e9ciales: construction partiellement contre le rocher, parking commun sous carport en bois \u00e0 l&rsquo;arri\u00e8re de la parcelle, rev\u00eatu de s\u00e9dums.<\/p>\n<p>Foto\u00a0: R. Becker<\/p>\n\t\t\t\t<a href=\"#\" target=\"_self\" itemprop=\"url\" rel=\"noopener\">\n\t\t\t\t<img loading=\"lazy\" decoding=\"async\" src=\"https:\/\/becker-bau.lu\/wp-content\/uploads\/2022\/11\/1996_HAF_1024.jpg\" alt=\"1996_HAF_1024\" itemprop=\"image\" height=\"768\" width=\"1024\" title=\"1996_HAF_1024\" onerror=\"this.style.display='none'\"  \/>\n\t\t\t\t<\/a>\n\t\t<h4><a href=\"#\" target=\"_self\" rel=\"noopener\">1996: Reconstruction \u00e0 l&rsquo;identique d&rsquo;un ensemble d&rsquo;immeubles r\u00e9sidentiels \u00ab Am H\u00e4ffchen \u00bb Luxembourg-Hamm.<\/a><\/h4>\t\t\n\t\t\t<p>Aktueller Stand: Fertigstellung 1996<\/p>\n<p>Ma\u00eetre de l&rsquo;ouvrage : Minist\u00e8re du Logement &#8211; Fonds du Logement \u00e0 co\u00fbt mod\u00e9r\u00e9<\/p>\n<p>Mission d&rsquo;architecte : mission globale<\/p>\n<p>Spezielle Technische Einrichtungen: N.N.<\/p>\n<p>Foto\u00a0: R. Becker<\/p>\n\t\t\t\t<a href=\"#\" target=\"_self\" itemprop=\"url\" rel=\"noopener\">\n\t\t\t\t<img loading=\"lazy\" decoding=\"async\" src=\"https:\/\/becker-bau.lu\/wp-content\/uploads\/2022\/11\/1995_WEN_pont_1024.jpg\" alt=\"1995_WEN_pont_1024\" itemprop=\"image\" height=\"768\" width=\"1024\" title=\"1995_WEN_pont_1024\" onerror=\"this.style.display='none'\"  \/>\n\t\t\t\t<\/a>\n\t\t<h4><a href=\"#\" target=\"_self\" rel=\"noopener\">1995: Construction de la \u00ab Passerelle 95 \u00bb et am\u00e9nagement partiel de l&rsquo;Itin\u00e9raire Culturel \u00e0 Luxembourg-Grund.<\/a><\/h4>\t\t\n\t\t\t<p>Etat actuel: inauguration en mai 1995 dans le cadre de \u00ab Luxembourg &#8211; Capitale Europ\u00e9enne de la Culture1995 \u00bb<\/p>\n<p>Ma\u00eetre de l&rsquo;ouvrage : Minist\u00e8re de la Culture &#8211; Service des Sites et Monuments (aujourd&rsquo;hui INPA)<\/p>\n<p>Mission d&rsquo;architecte : mission globale<\/p>\n<p>Spezielle Technische Einrichtungen: N.N.<\/p>\n<p>Foto\u00a0: R. Becker<\/p>\n\t\t\t\t<a href=\"#\" target=\"_self\" itemprop=\"url\" rel=\"noopener\">\n\t\t\t\t<img loading=\"lazy\" decoding=\"async\" src=\"https:\/\/becker-bau.lu\/wp-content\/uploads\/2022\/11\/1994_P8240855_1024.jpg\" alt=\"1994_P8240855_1024\" itemprop=\"image\" height=\"768\" width=\"1024\" title=\"1994_P8240855_1024\" onerror=\"this.style.display='none'\"  \/>\n\t\t\t\t<\/a>\n\t\t<h4><a href=\"#\" target=\"_self\" rel=\"noopener\">1994: Transformation, r\u00e9novation fondamentale et agrandissement du Centre d&rsquo;Intervention \u00e0 Schuttrange, Luxembourg.<\/a><\/h4>\t\t\n\t\t\t<p>Aktueller Stand: Konstruktion 1994, Einweihung 1995<\/p>\n<p>Ma\u00eetre de l&rsquo;ouvrage : Commune de Schuttrange<\/p>\n<p>Mission d&rsquo;architecte : mission globale<\/p>\n<p>Spezielle Technische Einrichtungen: N.N.<\/p>\n<p>Foto : Gilles Becker<\/p>\n\t\t\t\t<a href=\"#\" target=\"_self\" itemprop=\"url\" rel=\"noopener\">\n\t\t\t\t<img loading=\"lazy\" decoding=\"async\" src=\"https:\/\/becker-bau.lu\/wp-content\/uploads\/2022\/11\/1993_KOC_1024.jpg\" alt=\"1993_KOC_1024\" itemprop=\"image\" height=\"768\" width=\"1024\" title=\"1993_KOC_1024\" onerror=\"this.style.display='none'\"  \/>\n\t\t\t\t<\/a>\n\t\t<h4><a href=\"#\" target=\"_self\" rel=\"noopener\">1993: Restauration du sous-sol de la maison dite \u00ab Kochhaus \u00bb et am\u00e9nagement d&rsquo;un bar avec kitchenette, am\u00e9nagement de la Place de l&rsquo;Europe avec sculpture m\u00e9tallique, et des ruelles adjacentes.<\/a><\/h4>\t\t\n\t\t\t<p>Aktueller Stand: Fertigstellung 1993<\/p>\n<p>Ma\u00eetre de l&rsquo;ouvrage : Minist\u00e8re de la Culture &#8211; Service des Sites et Monuments (aujourd&rsquo;hui INPA) et Commune de Remerschen (aujourd&rsquo;hui Commune de Schengen).<\/p>\n<p>Mission d&rsquo;architecte : mission globale<\/p>\n<p>Installation sp\u00e9ciale : plaque en verre sable sur puits \u00e0 l&rsquo;int\u00e9rieur de du sous-sol.<\/p>\n<p>Foto\u00a0: R. Becker<\/p>\n\t\t\t\t<a href=\"#\" target=\"_self\" itemprop=\"url\" rel=\"noopener\">\n\t\t\t\t<img loading=\"lazy\" decoding=\"async\" src=\"https:\/\/becker-bau.lu\/wp-content\/uploads\/2022\/11\/1992_VAL-FLEURI_1024.jpg\" alt=\"1992_VAL FLEURI_1024\" itemprop=\"image\" height=\"768\" width=\"1024\" title=\"1992_VAL FLEURI_1024\" onerror=\"this.style.display='none'\"  \/>\n\t\t\t\t<\/a>\n\t\t<h4><a href=\"#\" target=\"_self\" rel=\"noopener\">1992: Bau von vier Wohnbauten in Val Fleuri, Luxemburg-Rollingergrund<\/a><\/h4>\t\t\n\t\t\t<p>Aktueller Stand: Fertigstellung 1992<\/p>\n<p>Ma\u00eetre de l&rsquo;ouvrage : priv\u00e9<\/p>\n<p>Mission d&rsquo;architecte : mission partielle<\/p>\n<p>Spezielle Technische Einrichtungen: N.N.<\/p>\n<p>Foto\u00a0: R. Becker<\/p>\n\t\t\t\t<a href=\"#\" target=\"_self\" itemprop=\"url\" rel=\"noopener\">\n\t\t\t\t<img loading=\"lazy\" decoding=\"async\" src=\"https:\/\/becker-bau.lu\/wp-content\/uploads\/2022\/11\/1991_FRE_1024.jpg\" alt=\"1991_FRE_1024\" itemprop=\"image\" height=\"768\" width=\"1024\" title=\"1991_FRE_1024\" onerror=\"this.style.display='none'\"  \/>\n\t\t\t\t<\/a>\n\t\t<h4><a href=\"#\" target=\"_self\" rel=\"noopener\">1991: Construction d&rsquo;un immeuble r\u00e9sidentiels avec commerce au rez-de-chauss\u00e9e \u00e0 Mondercange, Luxembourg.<\/a><\/h4>\t\t\n\t\t\t<p>Aktueller Stand: Fertigstellung 1991<\/p>\n<p>Ma\u00eetre de l&rsquo;ouvrage : priv\u00e9<\/p>\n<p>Mission d&rsquo;architecte : mission partielle<\/p>\n<p>Spezielle Technische Einrichtungen: N.N.<\/p>\n<p>Foto\u00a0: R. Becker<\/p>\n\t\t\t\t<a href=\"#\" target=\"_self\" itemprop=\"url\" rel=\"noopener\">\n\t\t\t\t<img loading=\"lazy\" decoding=\"async\" src=\"https:\/\/becker-bau.lu\/wp-content\/uploads\/2022\/11\/1990_MON_1024.jpg\" alt=\"1990_MON_1024\" itemprop=\"image\" height=\"768\" width=\"1024\" title=\"1990_MON_1024\" onerror=\"this.style.display='none'\"  \/>\n\t\t\t\t<\/a>\n\t\t<h4><a href=\"#\" target=\"_self\" rel=\"noopener\">1990: Construction d&rsquo;un immeuble r\u00e9sidentiels de 25 appartements et 3 commerces au rez-de-chauss\u00e9e \u00e0 Mondercange, Luxembourg.<\/a><\/h4>\t\t\n\t\t\t<p>Aktueller Stand: Fertigstellung 1990<\/p>\n<p>Ma\u00eetre de l&rsquo;ouvrage : priv\u00e9<\/p>\n<p>Mission d&rsquo;architecte : mission partielle<\/p>\n<p>Spezielle Technische Einrichtungen: N.N.<\/p>\n<p>Foto\u00a0: R. Becker<\/p>\n\t\t\t\t<a href=\"#\" target=\"_self\" itemprop=\"url\" rel=\"noopener\">\n\t\t\t\t<img loading=\"lazy\" decoding=\"async\" src=\"https:\/\/becker-bau.lu\/wp-content\/uploads\/2022\/11\/1989_CHALOP_1024.jpg\" alt=\"1989_CHALOP_1024\" itemprop=\"image\" height=\"768\" width=\"1024\" title=\"1989_CHALOP_1024\" onerror=\"this.style.display='none'\"  \/>\n\t\t\t\t<\/a>\n\t\t<h4><a href=\"#\" target=\"_self\" rel=\"noopener\">1989: Construction d&rsquo;un immeuble trifamilial \u00e0 Luxembourg-Bonnevoie.<\/a><\/h4>\t\t\n\t\t\t<p>Aktueller Stand: Konstruktion 1989\/90, Fertigstellung 1990<\/p>\n<p>Ma\u00eetre de l&rsquo;ouvrage : priv\u00e9<\/p>\n<p>Mission d&rsquo;architecte : mission partielle<\/p>\n<p>Spezielle Technische Einrichtungen: Aufzug \u00fcber 5 Stockwerke<\/p>\n<p>Foto\u00a0: R. Becker<\/p>\n\t\t\t\t<a href=\"#\" target=\"_self\" itemprop=\"url\" rel=\"noopener\">\n\t\t\t\t<img loading=\"lazy\" decoding=\"async\" src=\"https:\/\/becker-bau.lu\/wp-content\/uploads\/2022\/11\/1988_ANDORNO_1024.jpg\" alt=\"1988_ANDORNO_1024\" itemprop=\"image\" height=\"768\" width=\"1024\" title=\"1988_ANDORNO_1024\" onerror=\"this.style.display='none'\"  \/>\n\t\t\t\t<\/a>\n\t\t<h4><a href=\"#\" target=\"_self\" rel=\"noopener\">1988: Construction d&rsquo;une petite maison unifamiliale libre de quatre c\u00f4t\u00e9s \u00e0 Bonnevoie, Luxembourg.<\/a><\/h4>\t\t\n\t\t\t<p>Aktueller Stand: Konstruktion 1988\/89, Fertigstellung 1989<\/p>\n<p>Ma\u00eetre de l&rsquo;ouvrage : priv\u00e9<\/p>\n<p>Mission d&rsquo;architecte : mission partielle<\/p>\n<p>Spezielle Technische Einrichtungen: N.N.<\/p>\n<p>Foto\u00a0: R. Becker<\/p>\n\t\t\t\t<a href=\"#\" target=\"_self\" itemprop=\"url\" rel=\"noopener\">\n\t\t\t\t<img loading=\"lazy\" decoding=\"async\" src=\"https:\/\/becker-bau.lu\/wp-content\/uploads\/2022\/11\/1987_P8240868_1024.jpg\" alt=\"1987_P8240868_1024\" itemprop=\"image\" height=\"768\" width=\"1024\" title=\"1987_P8240868_1024\" onerror=\"this.style.display='none'\"  \/>\n\t\t\t\t<\/a>\n\t\t<h4><a href=\"#\" target=\"_self\" rel=\"noopener\">1987: Construction d&rsquo;une villa libre de quatre c\u00f4t\u00e9s \u00e0 Niederanven, Parc de l&rsquo;Arnescht, Luxembourg.<\/a><\/h4>\t\t\n\t\t\t<p>Aktueller Stand: Konstruktion 1987\/88, Fertigstellung 1988<\/p>\n<p>Ma\u00eetre de l&rsquo;ouvrage : priv\u00e9<\/p>\n<p>Mission d&rsquo;architecte : mission partielle<\/p>\n<p>Spezielle Technische Einrichtungen: N.N.<\/p>\n<p>Foto\u00a0: R. Becker<\/p>","protected":false},"excerpt":{"rendered":"<p>GALERIE ANNIVERSAIRE 35 2021: TRANSFORMATION D&rsquo;UN ANCIEN CLOI\u0302TRE DES TRINITAIRES EN AUBERGE DE JEUNESSE. Etat actuel : en chantier Mai\u0302tre de l&rsquo;ouvrage : Ministe\u0300re des Transports et des Travaux Publics \/ Administration des Ba\u0302timents Publics Ouverture pre\u0301visible : 2023 Mission d&rsquo;architecte : mission globale 2020: RE\u0301AME\u0301NAGEMENT ET CONSTRUCTION D&rsquo;UNE ANNEXE AU CHA\u0302TEAU DE BOURSCHEID. RE\u0301NOVATION&hellip;<\/p>","protected":false},"author":2,"featured_media":0,"parent":0,"menu_order":0,"comment_status":"closed","ping_status":"closed","template":"","meta":{"footnotes":""},"class_list":["post-637","page","type-page","status-publish","hentry"],"_links":{"self":[{"href":"https:\/\/becker-bau.lu\/de\/wp-json\/wp\/v2\/pages\/637","targetHints":{"allow":["GET"]}}],"collection":[{"href":"https:\/\/becker-bau.lu\/de\/wp-json\/wp\/v2\/pages"}],"about":[{"href":"https:\/\/becker-bau.lu\/de\/wp-json\/wp\/v2\/types\/page"}],"author":[{"embeddable":true,"href":"https:\/\/becker-bau.lu\/de\/wp-json\/wp\/v2\/users\/2"}],"replies":[{"embeddable":true,"href":"https:\/\/becker-bau.lu\/de\/wp-json\/wp\/v2\/comments?post=637"}],"version-history":[{"count":41,"href":"https:\/\/becker-bau.lu\/de\/wp-json\/wp\/v2\/pages\/637\/revisions"}],"predecessor-version":[{"id":809,"href":"https:\/\/becker-bau.lu\/de\/wp-json\/wp\/v2\/pages\/637\/revisions\/809"}],"wp:attachment":[{"href":"https:\/\/becker-bau.lu\/de\/wp-json\/wp\/v2\/media?parent=637"}],"curies":[{"name":"wp","href":"https:\/\/api.w.org\/{rel}","templated":true}]}}